{"id":11632,"date":"2023-02-14T15:55:22","date_gmt":"2023-02-14T12:55:22","guid":{"rendered":"https:\/\/www.bahadirgrup.com.tr\/?page_id=11632"},"modified":"2023-02-14T15:56:35","modified_gmt":"2023-02-14T12:56:35","slug":"yonetim-kurulu-baskan-yardimcisi-serhat-bahadir","status":"publish","type":"page","link":"https:\/\/www.bahadirgrup.com.tr\/en\/yonetim-kurulu\/yonetim-kurulu-baskan-yardimcisi-serhat-bahadir\/","title":{"rendered":"Y\u00f6netim Kurulu Ba\u015fkan Yard\u0131mc\u0131s\u0131 Serhat Bahad\u0131r"},"content":{"rendered":"<div data-elementor-type=\"wp-post\" data-elementor-id=\"11632\" class=\"elementor elementor-11632\" data-elementor-post-type=\"page\">\n\t\t\t\t\t\t<section class=\"elementor-section elementor-top-section elementor-element elementor-element-46cd3fc elementor-section-stretched sec-padding elementor-section-boxed elementor-section-height-default elementor-section-height-default\" data-id=\"46cd3fc\" data-element_type=\"section\" data-settings=\"{&quot;stretch_section&quot;:&quot;section-stretched&quot;,&quot;background_background&quot;:&quot;classic&quot;}\">\n\t\t\t\t\t\t<div class=\"elementor-container elementor-column-gap-wide\">\n\t\t\t\t\t<div class=\"elementor-column elementor-col-100 elementor-top-column elementor-element elementor-element-8141bba\" data-id=\"8141bba\" data-element_type=\"column\">\n\t\t\t<div class=\"elementor-widget-wrap elementor-element-populated\">\n\t\t\t\t\t\t<div class=\"elementor-element elementor-element-3b3eb90 elementor-widget elementor-widget-text-editor\" data-id=\"3b3eb90\" data-element_type=\"widget\" data-widget_type=\"text-editor.default\">\n\t\t\t\t<div class=\"elementor-widget-container\">\n\t\t\t<style>\/*! elementor - v3.20.0 - 10-04-2024 *\/\n.elementor-widget-text-editor.elementor-drop-cap-view-stacked .elementor-drop-cap{background-color:#69727d;color:#fff}.elementor-widget-text-editor.elementor-drop-cap-view-framed .elementor-drop-cap{color:#69727d;border:3px solid;background-color:transparent}.elementor-widget-text-editor:not(.elementor-drop-cap-view-default) .elementor-drop-cap{margin-top:8px}.elementor-widget-text-editor:not(.elementor-drop-cap-view-default) .elementor-drop-cap-letter{width:1em;height:1em}.elementor-widget-text-editor .elementor-drop-cap{float:left;text-align:center;line-height:1;font-size:50px}.elementor-widget-text-editor .elementor-drop-cap-letter{display:inline-block}<\/style>\t\t\t\t<h4><b>ONURSAL BA\u015eKANIMIZ YUNUS BAHADIR<\/b><\/h4>\n<h4>Y\u00f6netim kurulu ba\u015fkan yard\u0131mc\u0131m\u0131z Serhat Bahad\u0131r, 17.07.1976 tarihinde \u015eanl\u0131urfa ilinin Siverek il\u00e7esinde d\u00fcnyaya geldi. 2003 y\u0131l\u0131nda Dicle \u00dcniversitesi in\u015faat m\u00fchendisli\u011fi b\u00f6l\u00fcm\u00fcnden mezun olarak lisans e\u011fitimini tamamlad\u0131. Firmam\u0131z\u0131n \u00fcstlendi\u011fi projelerde sergiledi\u011fi tutku ve uzmanl\u0131kla faaliyet y\u00fcr\u00fctt\u00fc\u011f\u00fc sekt\u00f6rlerin \u00f6n saflar\u0131nda yer almas\u0131nda \u00f6nemli rol \u00fcstelendi. Firmam\u0131z uhdesinde yap\u0131m\u0131 tamamlanan ve devam eden yap\u0131m i\u015flerinde sorumluluk bilinciyle zaman\u0131n\u0131n \u00e7o\u011funu imalat\u0131 yerinde kontrol etmek amac\u0131yla \u015fantiyelerde ge\u00e7irmi\u015ftir. 1 erkek 1 k\u0131z \u00e7ocu\u011fu babas\u0131 olan Serhat Bahad\u0131r ailesini ihmal etmeden \u00e7ocuklar\u0131na daha iyi bir gelecek haz\u0131rlama sorumlulu\u011funda \u00e7al\u0131\u015fmalar\u0131na devam etmektedir.<p><\/p>\n<p>Onursal ba\u015fkan\u0131m\u0131z, Y\u00f6netim kurulu ba\u015fkan\u0131m\u0131z ve ba\u015fkan yard\u0131mc\u0131m\u0131z gerek lisans e\u011fitimi gerekse tecr\u00fcbe bak\u0131m\u0131ndan \u00fcstlenilen t\u00fcm yap\u0131m i\u015flerini sorumluluk bilinciyle, kalite standartlar\u0131n\u0131 y\u00fckseltecek ve hayat\u0131 kolayla\u015ft\u0131racak \u015fekilde tamamlay\u0131p teslim edecek bilgi ve birikim ve y\u00f6netim g\u00fcc\u00fcne sahiptir.<br>\n<\/p><\/h4>\t\t\t\t\t\t<\/div>\n\t\t\t\t<\/div>\n\t\t\t\t\t<\/div>\n\t\t<\/div>\n\t\t\t\t\t<\/div>\n\t\t<\/section>\n\t\t\t\t<\/div>","protected":false},"excerpt":{"rendered":"<p>ONURSAL BA\u015eKANIMIZ YUNUS BAHADIR Y\u00f6netim kurulu ba\u015fkan yard\u0131mc\u0131m\u0131z Serhat Bahad\u0131r, 17.07.1976 tarihinde \u015eanl\u0131urfa ilinin Siverek il\u00e7esinde d\u00fcnyaya geldi. 2003 y\u0131l\u0131nda Dicle \u00dcniversitesi in\u015faat m\u00fchendisli\u011fi b\u00f6l\u00fcm\u00fcnden mezun olarak lisans e\u011fitimini tamamlad\u0131. Firmam\u0131z\u0131n \u00fcstlendi\u011fi projelerde sergiledi\u011fi tutku ve uzmanl\u0131kla faaliyet y\u00fcr\u00fctt\u00fc\u011f\u00fc sekt\u00f6rlerin \u00f6n saflar\u0131nda yer almas\u0131nda \u00f6nemli rol \u00fcstelendi. Firmam\u0131z uhdesinde yap\u0131m\u0131 tamamlanan ve devam eden yap\u0131m i\u015flerinde sorumluluk bilinciyle zaman\u0131n\u0131n \u00e7o\u011funu imalat\u0131 yerinde kontrol etmek amac\u0131yla \u015fantiyelerde ge\u00e7irmi\u015ftir. 1 erkek 1 k\u0131z \u00e7ocu\u011fu babas\u0131 olan Serhat Bahad\u0131r ailesini ihmal etmeden \u00e7ocuklar\u0131na daha iyi bir gelecek haz\u0131rlama sorumlulu\u011funda \u00e7al\u0131\u015fmalar\u0131na devam etmektedir. Onursal ba\u015fkan\u0131m\u0131z, Y\u00f6netim kurulu ba\u015fkan\u0131m\u0131z ve ba\u015fkan yard\u0131mc\u0131m\u0131z gerek lisans e\u011fitimi gerekse tecr\u00fcbe bak\u0131m\u0131ndan \u00fcstlenilen t\u00fcm yap\u0131m i\u015flerini sorumluluk bilinciyle, kalite standartlar\u0131n\u0131 y\u00fckseltecek ve hayat\u0131 kolayla\u015ft\u0131racak \u015fekilde tamamlay\u0131p teslim edecek bilgi ve birikim ve y\u00f6netim g\u00fcc\u00fcne sahiptir.<\/p>","protected":false},"author":1,"featured_media":0,"parent":11621,"menu_order":0,"comment_status":"closed","ping_status":"closed","template":"page-full.php","meta":{"footnotes":""},"class_list":["post-11632","page","type-page","status-publish","hentry"],"aioseo_notices":[],"_links":{"self":[{"href":"https:\/\/www.bahadirgrup.com.tr\/en\/wp-json\/wp\/v2\/pages\/11632","targetHints":{"allow":["GET"]}}],"collection":[{"href":"https:\/\/www.bahadirgrup.com.tr\/en\/wp-json\/wp\/v2\/pages"}],"about":[{"href":"https:\/\/www.bahadirgrup.com.tr\/en\/wp-json\/wp\/v2\/types\/page"}],"author":[{"embeddable":true,"href":"https:\/\/www.bahadirgrup.com.tr\/en\/wp-json\/wp\/v2\/users\/1"}],"replies":[{"embeddable":true,"href":"https:\/\/www.bahadirgrup.com.tr\/en\/wp-json\/wp\/v2\/comments?post=11632"}],"version-history":[{"count":0,"href":"https:\/\/www.bahadirgrup.com.tr\/en\/wp-json\/wp\/v2\/pages\/11632\/revisions"}],"up":[{"embeddable":true,"href":"https:\/\/www.bahadirgrup.com.tr\/en\/wp-json\/wp\/v2\/pages\/11621"}],"wp:attachment":[{"href":"https:\/\/www.bahadirgrup.com.tr\/en\/wp-json\/wp\/v2\/media?parent=11632"}],"curies":[{"name":"wp","href":"https:\/\/api.w.org\/{rel}","templated":true}]}}